{"id":174987,"date":"2026-02-06T16:51:12","date_gmt":"2026-02-06T15:51:12","guid":{"rendered":"https:\/\/atlanttic.webs7.uvigo.es\/about-us\/organizacion\/"},"modified":"2026-03-31T09:26:45","modified_gmt":"2026-03-31T07:26:45","slug":"organization","status":"publish","type":"page","link":"https:\/\/iaa.uvigo.gal\/en\/iaa\/organization\/","title":{"rendered":"Organization"},"content":{"rendered":"<p>&nbsp;<\/p>\n<h2>Governing Board<\/h2>\n<div class=\"row\">\n<div class=\"col-md-6 col-lg-4\">\n<div class=\"card\" style=\"min-width: 25%; border-color: #ffffff;\">\n<div class=\"card-body\">\n<p class=\"text-center\"><img loading=\"lazy\" decoding=\"async\" class=\"rounded-image\" src=\"http:\/\/webc10.webs5.uvigo.es\/wp-content\/plugins\/uvigo-teaching\/public\/images\/maria-belen-rubio-armesto.jpg\" width=\"200\" height=\"200\" \/><\/p>\n<p class=\"card-text text-center\"><strong>Bel\u00e9n Rubio Armesto<\/strong><br \/>\nVice-Rector for Research, Transfer and Innovation<\/p>\n<\/div>\n<\/div>\n<\/div>\n<div class=\"col-md-6 col-lg-4\">\n<div class=\"card\" style=\"min-width: 25%; border-color: #ffffff;\">\n<div class=\"card-body\">\n<p class=\"text-center\"><img loading=\"lazy\" decoding=\"async\" class=\"rounded-image\" src=\"\/wp-content\/plugins\/uvigo-teaching\/public\/images\/david-fernandez-calvino.jpg\" width=\"200\" height=\"200\" \/><\/p>\n<p class=\"card-text text-center\"><a href=\"https:\/\/iaa.uvigo.gal\/equipo\/persoal\/fernandez-calvino-david\/\">David Fern\u00e1ndez Calvi\u00f1o\u00a0<\/a><br \/>\nDirector<\/p>\n<\/div>\n<\/div>\n<\/div>\n<div class=\"col-md-6 col-lg-4\">\n<div class=\"card\" style=\"min-width: 25%; border-color: #ffffff;\">\n<div class=\"card-body\">\n<p class=\"text-center\"><img loading=\"lazy\" decoding=\"async\" class=\"rounded-image\" src=\"\/wp-content\/uploads\/2024\/10\/sidonia-martinez-suarez.jpg\" width=\"200\" height=\"200\" \/><\/p>\n<p class=\"card-text text-center\"><strong><a href=\"https:\/\/iaa.uvigo.gal\/equipo\/persoal\/martinez-suarez-sidonia\/\"> Sidonia Mart\u00ednez Su\u00e1rez\u00a0<\/a><\/strong><br \/>\nSecretary<\/p>\n<\/div>\n<\/div>\n<\/div>\n<div class=\"col-md-6 col-lg-4\">\n<div class=\"card\" style=\"min-width: 25%; border-color: #ffffff;\">\n<div class=\"card-body\">\n<p class=\"text-center\"><img loading=\"lazy\" decoding=\"async\" class=\"rounded-image\" src=\"\/wp-content\/uploads\/2024\/11\/beatriz_small.jpg\" width=\"200\" height=\"200\" \/><\/p>\n<p class=\"card-text text-center\"><strong>Beatriz D\u00edaz Reinoso<\/strong><br \/>\n<strong data-start=\"84\" data-end=\"128\">Representative of Non-Research Personnel<\/strong><\/p>\n<\/div>\n<\/div>\n<\/div>\n<div class=\"col-md-6 col-lg-4\">\n<div class=\"card\" style=\"min-width: 25%; border-color: #ffffff;\">\n<div class=\"card-body\">\n<p class=\"text-center\"><img loading=\"lazy\" decoding=\"async\" class=\"rounded-image\" src=\"\/wp-content\/uploads\/2024\/10\/gil-garrote-velasco.jpg\" width=\"200\" height=\"200\" \/><\/p>\n<p class=\"card-text text-center\"><strong><a href=\"equipo\/persoal\/garrote-velasco-gil\/\">Gil Garrote Velasco<\/a><\/strong><br \/>\n<strong data-start=\"52\" data-end=\"92\">Representative of Research Personnel<\/strong><\/p>\n<\/div>\n<\/div>\n<\/div>\n<div class=\"col-md-6 col-lg-4\">\n<div class=\"card\" style=\"min-width: 25%; border-color: #ffffff;\">\n<div class=\"card-body\">\n<p class=\"text-center\"><img loading=\"lazy\" decoding=\"async\" class=\"rounded-image\" src=\"\/wp-content\/uploads\/2023\/09\/emma-gonzalez.jpg\" width=\"200\" height=\"200\" \/><\/p>\n<p class=\"card-text text-center\"><strong>Emma Gonz\u00e1lez Di\u00e9guez<\/strong><br \/>\nManager of INORDE<br \/>\nProvincial Council of Ourense<\/p>\n<\/div>\n<\/div>\n<\/div>\n<div class=\"col-md-6 col-lg-4\">\n<div class=\"card\" style=\"min-width: 25%; border-color: #ffffff;\">\n<div class=\"card-body\">\n<p class=\"text-center\"><img loading=\"lazy\" decoding=\"async\" class=\"rounded-image alignnone wp-image-249695\" src=\"https:\/\/iaa.uvigo.gal\/wp-content\/uploads\/2026\/02\/DavidMartinezAlonso-300x300-1.jpg\" alt=\"\" width=\"209\" height=\"209\" srcset=\"https:\/\/iaa.uvigo.gal\/wp-content\/uploads\/2026\/02\/DavidMartinezAlonso-300x300-1.jpg 300w, https:\/\/iaa.uvigo.gal\/wp-content\/uploads\/2026\/02\/DavidMartinezAlonso-300x300-1-150x150.jpg 150w\" sizes=\"auto, (max-width: 209px) 100vw, 209px\" \/><\/p>\n<p class=\"card-text text-center\"><strong>David Mart\u00ednez Alonso<\/strong><br \/>\nPresident of the Ourense Business Confederation<\/p>\n<\/div>\n<\/div>\n<\/div>\n<div class=\"col-md-6 col-lg-4\">\n<div class=\"card\" style=\"min-width: 25%; border-color: #ffffff;\">\n<div class=\"card-body\">\n<p class=\"card-text text-center\">\n<\/div>\n<\/div>\n<\/div>\n<\/div>\n<p>&nbsp;<\/p>\n<h2>Scientific Committee<\/h2>\n<div class=\"row\">\n<div class=\"col-md-6 col-lg-4\">\n<div class=\"card\" style=\"min-width: 25%; border-color: #ffffff;\">\n<div class=\"card-body\">\n<p class=\"text-center\"><img loading=\"lazy\" decoding=\"async\" class=\"rounded-image\" src=\"\/wp-content\/plugins\/uvigo-teaching\/public\/images\/david-fernandez-calvino.jpg\" width=\"200\" height=\"200\" \/><\/p>\n<p class=\"card-text text-center\"><a href=\"https:\/\/iaa.uvigo.gal\/equipo\/persoal\/fernandez-calvino-david\/\">David Fern\u00e1ndez Calvi\u00f1o\u00a0<\/a>\u00a0 President<\/p>\n<\/div>\n<\/div>\n<\/div>\n<div class=\"col-md-6 col-lg-4\">\n<div class=\"card\" style=\"min-width: 25%; border-color: #ffffff;\">\n<div class=\"card-body\">\n<p class=\"text-center\"><img loading=\"lazy\" decoding=\"async\" class=\"rounded-image\" src=\"\/wp-content\/uploads\/2024\/10\/sidonia-martinez-suarez.jpg\" width=\"200\" height=\"200\" \/><\/p>\n<p class=\"card-text text-center\"><a href=\"https:\/\/iaa.uvigo.gal\/equipo\/persoal\/martinez-suarez-sidonia\/\"> Sidonia Mart\u00ednez Su\u00e1rez\u00a0<\/a><br \/>\nSecretary<\/p>\n<\/div>\n<\/div>\n<\/div>\n<div class=\"col-md-6 col-lg-4\">\n<div class=\"card\" style=\"min-width: 25%; border-color: #ffffff;\">\n<div class=\"card-body\">\n<p class=\"text-center\"><img loading=\"lazy\" decoding=\"async\" class=\"rounded-image\" src=\"\/wp-content\/plugins\/uvigo-teaching\/public\/images\/manuel-arias-estevez.jpg\" width=\"200\" height=\"200\" \/><\/p>\n<p class=\"card-text text-center\"><a href=\"https:\/\/iaa.uvigo.gal\/equipo\/persoal\/arias-estevez-manuel\/\">Manuel Arias Est\u00e9vez<\/a><br \/>\nSoil Health and Quality<\/p>\n<\/div>\n<\/div>\n<\/div>\n<div class=\"col-md-6 col-lg-4\">\n<div class=\"card\" style=\"min-width: 25%; border-color: #ffffff;\">\n<div class=\"card-body\">\n<p class=\"text-center\"><img loading=\"lazy\" decoding=\"async\" class=\"rounded-image\" src=\"\/wp-content\/plugins\/uvigo-teaching\/public\/images\/fco-javier-rodriguez-rajo.jpg\" width=\"200\" height=\"200\" \/><\/p>\n<p class=\"card-text text-center\">\u00a0 \u00a0 \u00a0 <a href=\"https:\/\/iaa.uvigo.gal\/equipo\/persoal\/rodriguez-rajo-francisco-javier\/\">Fco. Javier Rodr\u00edguez Rajo<\/a>\u00a0 \u00a0 \u00a0 \u00a0 Crop management and handling<\/p>\n<\/div>\n<\/div>\n<\/div>\n<div class=\"col-md-6 col-lg-4\">\n<div class=\"card\" style=\"min-width: 25%; border-color: #ffffff;\">\n<div class=\"card-body\">\n<p class=\"text-center\"><img loading=\"lazy\" decoding=\"async\" class=\"rounded-image\" src=\"\/wp-content\/uploads\/2023\/09\/Rosa_Perez_Gregorio.jpg\" width=\"200\" height=\"200\" \/><\/p>\n<p class=\"card-text text-center\">\u00a0 \u00a0 \u00a0 <a href=\"https:\/\/iaa.uvigo.gal\/equipo\/persoal\/perez-gregorio-maria-rosa\/\">Mar\u00eda Rosa P\u00e9rez Gregorio<\/a>\u00a0 \u00a0 \u00a0 \u00a0Food quality and safety<\/p>\n<\/div>\n<\/div>\n<\/div>\n<div class=\"col-md-6 col-lg-4\">\n<div class=\"card\" style=\"min-width: 25%; border-color: #ffffff;\">\n<div class=\"card-body\">\n<p class=\"text-center\"><img loading=\"lazy\" decoding=\"async\" class=\"rounded-image\" src=\"\/wp-content\/plugins\/uvigo-teaching\/public\/images\/beatriz-gullon-estevez.jpg\" width=\"200\" height=\"200\" \/><\/p>\n<p class=\"card-text text-center\"><a href=\"equipo\/persoal\/gullon-estevez-beatriz\/\">Beatriz Gull\u00f3n Est\u00e9vez<\/a><br \/>\nManagement and valorisation of by-products<\/p>\n<\/div>\n<\/div>\n<\/div>\n<div class=\"col-md-6 col-lg-4\">\n<div class=\"card\" style=\"min-width: 25%; border-color: #ffffff;\">\n<div class=\"card-body\">\n<p class=\"text-center\"><img loading=\"lazy\" decoding=\"async\" class=\"rounded-image\" src=\"\/wp-content\/uploads\/2023\/09\/Patricia-Reboredo-Rodriguez.png\" width=\"200\" height=\"200\" \/><\/p>\n<p class=\"card-text text-center\"><a href=\"equipo\/persoal\/reboredo-rodriguez-patricia\/\">Patricia Reboredo Rodr\u00edguez<\/a><br \/>\nNon-Permanent Research Staff<\/p>\n<\/div>\n<\/div>\n<\/div>\n<\/div>\n<p>&nbsp;<\/p>\n<h2>External Advisory Committee<\/h2>\n<p>of which the Expert Advisory Committee and the Socio-Business Advisory Committee are part<\/p>\n<div class=\"row\">\n<div class=\"col-md-6 col-lg-4\">\n<div class=\"card\" style=\"min-width: 25%; border-color: #ffffff;\">\n<div class=\"card-body\">\n<p class=\"text-center\"><img loading=\"lazy\" decoding=\"async\" class=\"rounded-image\" src=\"\/wp-content\/uploads\/2023\/09\/Raul-Zornoza.jpg\" width=\"200\" height=\"200\" \/><\/p>\n<p class=\"card-text text-center\"><strong>Ra\u00fal Zornoza Belmonte<\/strong><br \/>\nPresident<\/p>\n<\/div>\n<\/div>\n<\/div>\n<div class=\"col-md-6 col-lg-4\">\n<div class=\"card\" style=\"min-width: 25%; border-color: #ffffff;\">\n<div class=\"card-body\">\n<p class=\"text-center\"><img loading=\"lazy\" decoding=\"async\" class=\"rounded-image\" src=\"\/wp-content\/uploads\/2023\/09\/Fabri.png\" width=\"200\" height=\"200\" \/><\/p>\n<p class=\"card-text text-center\"><strong>Fabrizio Araniti<\/strong><br \/>\nSecretary<\/p>\n<\/div>\n<\/div>\n<\/div>\n<\/div>\n<p>&nbsp;<\/p>\n<h2>Scientific Advisory Committee<\/h2>\n<div class=\"row\">\n<div class=\"col-md-6 col-lg-4\">\n<div class=\"card\" style=\"min-width: 25%; border-color: #ffffff;\">\n<div class=\"card-body\">\n<p class=\"text-center\"><img loading=\"lazy\" decoding=\"async\" class=\"rounded-image\" src=\"\/wp-content\/uploads\/2023\/09\/Raul-Zornoza.jpg\" width=\"200\" height=\"200\" \/><\/p>\n<p class=\"card-text text-center\"><strong>Ra\u00fal Zornoza Belmonte<\/strong><br \/>\n<em>Universidad Polit\u00e9cnica de Cartagena.<\/em><br \/>\nAdvisor for Research Priority 1:<br \/>\nSoil Health and Quality<\/p>\n<\/div>\n<\/div>\n<\/div>\n<div class=\"col-md-6 col-lg-4\">\n<div class=\"card\" style=\"min-width: 25%; border-color: #ffffff;\">\n<div class=\"card-body\">\n<p class=\"text-center\"><img loading=\"lazy\" decoding=\"async\" class=\"rounded-image alignnone wp-image-249658\" src=\"https:\/\/iaa.uvigo.gal\/wp-content\/uploads\/2026\/02\/Felipe-Bastida-Lopez.jpg\" alt=\"\" width=\"182\" height=\"199\" \/><\/p>\n<p class=\"card-text text-center\"><strong>Felipe Bastida L\u00f3pez<\/strong><br \/>\n<em>Centro de Edafolog\u00eda y Biolog\u00eda Aplicada del Segura (CEBAS-CSIC)<\/em><br \/>\nAdvisor for Research Priority 1:\u00a0 Soil Health and Quality<\/p>\n<\/div>\n<\/div>\n<\/div>\n<div class=\"col-md-6 col-lg-4\">\n<div class=\"card\" style=\"min-width: 25%; border-color: #ffffff;\">\n<div class=\"card-body\">\n<p class=\"text-center\"><img loading=\"lazy\" decoding=\"async\" class=\"rounded-image\" src=\"\/wp-content\/uploads\/2023\/09\/Fabri.png\" width=\"200\" height=\"200\" \/><\/p>\n<p class=\"card-text text-center\"><strong>Fabrizio Araniti<\/strong><br \/>\n<em>Universit\u00e0 degli Studi di Milano<\/em><br \/>\nAdvisor for Research Priority 2: Crop Management and Cultivation<\/p>\n<\/div>\n<\/div>\n<\/div>\n<div class=\"col-md-6 col-lg-4\">\n<div class=\"card\" style=\"min-width: 25%; border-color: #ffffff;\">\n<div class=\"card-body\">\n<p class=\"text-center\"><img loading=\"lazy\" decoding=\"async\" class=\"rounded-image\" src=\"\/wp-content\/uploads\/2023\/09\/Helena-Freitas.jpg\" width=\"200\" height=\"200\" \/><\/p>\n<p class=\"card-text text-center\"><strong>Helena Freitas<\/strong><br \/>\n<em>Universidade de Coimbra<\/em><br \/>\nAdvisor for Research Priority 2:<br \/>\nCrop Management and Cultivation<\/p>\n<\/div>\n<\/div>\n<\/div>\n<div class=\"col-md-6 col-lg-4\">\n<div class=\"card\" style=\"min-width: 25%; border-color: #ffffff;\">\n<div class=\"card-body\">\n<p class=\"text-center\"><img loading=\"lazy\" decoding=\"async\" class=\"rounded-image\" src=\"\/wp-content\/uploads\/2023\/09\/Lilian-Barros.jpg\" width=\"200\" height=\"200\" \/><\/p>\n<p class=\"card-text text-center\"><strong>Lillian Barros<\/strong><br \/>\n<em>Instituto Polit\u00e9cnico de Bragan\u00e7a<\/em><br \/>\nAdvisor for Research Priority 3:<br \/>\nFood Quality<\/p>\n<\/div>\n<\/div>\n<\/div>\n<div class=\"col-md-6 col-lg-4\">\n<div class=\"card\" style=\"min-width: 25%; border-color: #ffffff;\">\n<div class=\"card-body\">\n<p class=\"text-center\"><img loading=\"lazy\" decoding=\"async\" class=\"rounded-image\" src=\"\/wp-content\/uploads\/2023\/09\/Ana-Rodriguez.jpg\" width=\"200\" height=\"200\" \/><\/p>\n<p class=\"card-text text-center\"><strong>Ana Rodriguez-Mateos<\/strong><br \/>\n<em>King&#8217;s College London<\/em><br \/>\nAdvisor for Research Priority 3: Food Quality<\/p>\n<\/div>\n<\/div>\n<\/div>\n<div class=\"col-md-6 col-lg-4\">\n<div class=\"card\" style=\"min-width: 25%; border-color: #ffffff;\">\n<div class=\"card-body\">\n<p class=\"text-center\"><img loading=\"lazy\" decoding=\"async\" class=\"rounded-image\" src=\"\/wp-content\/uploads\/2023\/09\/Carlos-Orestes.jpg\" width=\"200\" height=\"200\" \/><\/p>\n<p class=\"card-text text-center\"><strong>Carlos Mart\u00edn<\/strong><br \/>\n<em>Inland Norway University of Applied Science<\/em><br \/>\nAdvisor for Research Priority 4: Waste Management and Valorization<\/p>\n<\/div>\n<\/div>\n<\/div>\n<div class=\"col-md-6 col-lg-4\">\n<div class=\"card\" style=\"min-width: 25%; border-color: #ffffff;\">\n<div class=\"card-body\">\n<p class=\"text-center\"><img loading=\"lazy\" decoding=\"async\" class=\"rounded-image\" src=\"\/wp-content\/uploads\/2023\/09\/Encarnacion-Ruiz-Ramos.jpg\" width=\"200\" height=\"200\" \/><\/p>\n<p class=\"card-text text-center\"><strong>Encarnaci\u00f3n Ruiz Ramos<\/strong><br \/>\n<em>Univesidade de Ja\u00e9n<\/em><br \/>\nAdvisor for Research Priority 4:<br \/>\nWaste Management and Valorization<\/p>\n<\/div>\n<\/div>\n<\/div>\n<\/div>\n<p>&nbsp;<\/p>\n<h2>Socioeconomic Advisory Committee<\/h2>\n<div class=\"row\">\n<div class=\"col-md-6 col-lg-4\">\n<div class=\"card\" style=\"min-width: 25%; border-color: #ffffff;\">\n<div class=\"card-body\">\n<p class=\"text-center\"><img loading=\"lazy\" decoding=\"async\" class=\"rounded-image\" src=\"\/wp-content\/uploads\/2023\/10\/Aurelio-Prado.jpg\" width=\"200\" height=\"200\" \/><\/p>\n<p class=\"card-text text-center\"><strong>Aurelio Prado Rodriguez<\/strong><br \/>\n<em>Amarelante SCG<\/em><br \/>\nAdvisor from the Galician Agricultural Cooperative Sector<\/p>\n<\/div>\n<\/div>\n<\/div>\n<div class=\"col-md-6 col-lg-4\">\n<div class=\"card\" style=\"min-width: 25%; border-color: #ffffff;\">\n<div class=\"card-body\">\n<p class=\"text-center\"><img loading=\"lazy\" decoding=\"async\" class=\"rounded-image\" src=\"\/wp-content\/uploads\/2024\/07\/Servando-Alvarez.jpg\" width=\"200\" height=\"200\" \/><\/p>\n<p class=\"card-text text-center\"><strong>Servando \u00c1lvarez Pousa<\/strong><br \/>\n<em>Instituto Agrogandeiro do INORDE<\/em><br \/>\nPublic Administration Representative Advisor<\/p>\n<\/div>\n<\/div>\n<\/div>\n<div class=\"col-md-6 col-lg-4\">\n<div class=\"card\" style=\"min-width: 25%; border-color: #ffffff;\">\n<div class=\"card-body\">\n<p class=\"text-center\"><img loading=\"lazy\" decoding=\"async\" class=\"rounded-image\" src=\"\/wp-content\/uploads\/2023\/10\/Noelia-Dosil.jpg\" width=\"200\" height=\"200\" \/><\/p>\n<p class=\"card-text text-center\"><strong>Noelia Dosil May\u00e1n<\/strong><br \/>\n<em>Cl\u00faster Alimentario de Galicia<\/em><br \/>\nAgri-food Industry Representative Advisor<\/p>\n<\/div>\n<\/div>\n<\/div>\n<div class=\"col-md-6 col-lg-4\">\n<div class=\"card\" style=\"min-width: 25%; border-color: #ffffff;\">\n<div class=\"card-body\">\n<p class=\"text-center\"><img loading=\"lazy\" decoding=\"async\" class=\"rounded-image\" src=\"\/wp-content\/uploads\/2023\/09\/Beatriz-Suarez.jpg\" width=\"200\" height=\"200\" \/><\/p>\n<p class=\"card-text text-center\"><strong>Beatriz Su\u00e1rez S\u00e1nchez<\/strong><br \/>\n<em>Fundaci\u00f3n Juana de Vega<\/em><br \/>\nRural Development Representative Advisor<\/p>\n<\/div>\n<\/div>\n<\/div>\n<\/div>\n","protected":false},"excerpt":{"rendered":"<p>&nbsp; Governing Board Bel\u00e9n Rubio Armesto Vice-Rector for Research, Transfer and Innovation David Fern\u00e1ndez Calvi\u00f1o\u00a0 Director Sidonia Mart\u00ednez Su\u00e1rez\u00a0 Secretary Beatriz D\u00edaz Reinoso Representative of &hellip; <a class=\"excerpt_more\" href=\"https:\/\/iaa.uvigo.gal\/en\/iaa\/organization\/\">Continued<\/a><\/p>\n","protected":false},"author":12,"featured_media":0,"parent":18562,"menu_order":8,"comment_status":"closed","ping_status":"closed","template":"views\/template-fullwidth.blade.php","meta":{"_acf_changed":false,"footnotes":""},"class_list":["post-174987","page","type-page","status-publish","hentry"],"acf":[],"yoast_head":"<title>Organization | Instituto de Agroecolox\u00eda e Alimentaci\u00f3n | UVigo<\/title>\n<meta name=\"description\" content=\"Organization and governance of the Institute of Agroecology and Food (IAA), including its governing board, committees, and management structure.\" \/>\n<meta name=\"robots\" content=\"index, follow, max-snippet:-1, max-image-preview:large, max-video-preview:-1\" \/>\n<link rel=\"canonical\" href=\"https:\/\/iaa.uvigo.gal\/en\/iaa\/organization\/\" \/>\n<meta property=\"og:locale\" content=\"en_US\" \/>\n<meta property=\"og:type\" content=\"article\" \/>\n<meta property=\"og:title\" content=\"Organization | Instituto de Agroecolox\u00eda e Alimentaci\u00f3n | UVigo\" \/>\n<meta property=\"og:description\" content=\"Organization and governance of the Institute of Agroecology and Food (IAA), including its governing board, committees, and management structure.\" \/>\n<meta property=\"og:url\" content=\"https:\/\/iaa.uvigo.gal\/en\/iaa\/organization\/\" \/>\n<meta property=\"og:site_name\" content=\"Instituto de Agroecolox\u00eda e Alimentaci\u00f3n | UVigo\" \/>\n<meta property=\"article:modified_time\" content=\"2026-03-31T07:26:45+00:00\" \/>\n<meta property=\"og:image\" content=\"http:\/\/webc10.webs5.uvigo.es\/wp-content\/plugins\/uvigo-teaching\/public\/images\/maria-belen-rubio-armesto.jpg\" \/>\n<meta name=\"twitter:card\" content=\"summary_large_image\" \/>\n<meta name=\"twitter:label1\" content=\"Est. reading time\" \/>\n\t<meta name=\"twitter:data1\" content=\"7 minutes\" \/>\n<script type=\"application\/ld+json\" class=\"yoast-schema-graph\">{\"@context\":\"https:\\\/\\\/schema.org\",\"@graph\":[{\"@type\":\"WebPage\",\"@id\":\"https:\\\/\\\/iaa.uvigo.gal\\\/en\\\/iaa\\\/organization\\\/\",\"url\":\"https:\\\/\\\/iaa.uvigo.gal\\\/en\\\/iaa\\\/organization\\\/\",\"name\":\"Organization | Instituto de Agroecolox\u00eda e Alimentaci\u00f3n | UVigo\",\"isPartOf\":{\"@id\":\"https:\\\/\\\/iaa.uvigo.gal\\\/en\\\/#website\"},\"primaryImageOfPage\":{\"@id\":\"https:\\\/\\\/iaa.uvigo.gal\\\/en\\\/iaa\\\/organization\\\/#primaryimage\"},\"image\":{\"@id\":\"https:\\\/\\\/iaa.uvigo.gal\\\/en\\\/iaa\\\/organization\\\/#primaryimage\"},\"thumbnailUrl\":\"http:\\\/\\\/webc10.webs5.uvigo.es\\\/wp-content\\\/plugins\\\/uvigo-teaching\\\/public\\\/images\\\/maria-belen-rubio-armesto.jpg\",\"datePublished\":\"2026-02-06T15:51:12+00:00\",\"dateModified\":\"2026-03-31T07:26:45+00:00\",\"description\":\"Organization and governance of the Institute of Agroecology and Food (IAA), including its governing board, committees, and management structure.\",\"breadcrumb\":{\"@id\":\"https:\\\/\\\/iaa.uvigo.gal\\\/en\\\/iaa\\\/organization\\\/#breadcrumb\"},\"inLanguage\":\"en-US\",\"potentialAction\":[{\"@type\":\"ReadAction\",\"target\":[\"https:\\\/\\\/iaa.uvigo.gal\\\/en\\\/iaa\\\/organization\\\/\"]}]},{\"@type\":\"ImageObject\",\"inLanguage\":\"en-US\",\"@id\":\"https:\\\/\\\/iaa.uvigo.gal\\\/en\\\/iaa\\\/organization\\\/#primaryimage\",\"url\":\"http:\\\/\\\/webc10.webs5.uvigo.es\\\/wp-content\\\/plugins\\\/uvigo-teaching\\\/public\\\/images\\\/maria-belen-rubio-armesto.jpg\",\"contentUrl\":\"http:\\\/\\\/webc10.webs5.uvigo.es\\\/wp-content\\\/plugins\\\/uvigo-teaching\\\/public\\\/images\\\/maria-belen-rubio-armesto.jpg\"},{\"@type\":\"BreadcrumbList\",\"@id\":\"https:\\\/\\\/iaa.uvigo.gal\\\/en\\\/iaa\\\/organization\\\/#breadcrumb\",\"itemListElement\":[{\"@type\":\"ListItem\",\"position\":1,\"name\":\"IAA\",\"item\":\"https:\\\/\\\/iaa.uvigo.gal\\\/en\\\/o-instituto\\\/\"},{\"@type\":\"ListItem\",\"position\":2,\"name\":\"Organization\"}]},{\"@type\":\"WebSite\",\"@id\":\"https:\\\/\\\/iaa.uvigo.gal\\\/en\\\/#website\",\"url\":\"https:\\\/\\\/iaa.uvigo.gal\\\/en\\\/\",\"name\":\"Instituto de Agroecolox\u00eda e Alimentaci\u00f3n | UVigo\",\"description\":\"\",\"publisher\":{\"@id\":\"https:\\\/\\\/iaa.uvigo.gal\\\/en\\\/#organization\"},\"potentialAction\":[{\"@type\":\"SearchAction\",\"target\":{\"@type\":\"EntryPoint\",\"urlTemplate\":\"https:\\\/\\\/iaa.uvigo.gal\\\/en\\\/?s={search_term_string}\"},\"query-input\":{\"@type\":\"PropertyValueSpecification\",\"valueRequired\":true,\"valueName\":\"search_term_string\"}}],\"inLanguage\":\"en-US\"},{\"@type\":\"Organization\",\"@id\":\"https:\\\/\\\/iaa.uvigo.gal\\\/en\\\/#organization\",\"name\":\"Instituto de Agroecolox\u00eda e Alimentaci\u00f3n - UVigo\",\"url\":\"https:\\\/\\\/iaa.uvigo.gal\\\/en\\\/\",\"logo\":{\"@type\":\"ImageObject\",\"inLanguage\":\"en-US\",\"@id\":\"https:\\\/\\\/iaa.uvigo.gal\\\/en\\\/#\\\/schema\\\/logo\\\/image\\\/\",\"url\":\"https:\\\/\\\/iaa.uvigo.gal\\\/wp-content\\\/uploads\\\/2024\\\/07\\\/logo-iaa.png\",\"contentUrl\":\"https:\\\/\\\/iaa.uvigo.gal\\\/wp-content\\\/uploads\\\/2024\\\/07\\\/logo-iaa.png\",\"width\":780,\"height\":330,\"caption\":\"Instituto de Agroecolox\u00eda e Alimentaci\u00f3n - UVigo\"},\"image\":{\"@id\":\"https:\\\/\\\/iaa.uvigo.gal\\\/en\\\/#\\\/schema\\\/logo\\\/image\\\/\"}}]}<\/script>","yoast_head_json":{"title":"Organization | Instituto de Agroecolox\u00eda e Alimentaci\u00f3n | UVigo","description":"Organization and governance of the Institute of Agroecology and Food (IAA), including its governing board, committees, and management structure.","robots":{"index":"index","follow":"follow","max-snippet":"max-snippet:-1","max-image-preview":"max-image-preview:large","max-video-preview":"max-video-preview:-1"},"canonical":"https:\/\/iaa.uvigo.gal\/en\/iaa\/organization\/","og_locale":"en_US","og_type":"article","og_title":"Organization | Instituto de Agroecolox\u00eda e Alimentaci\u00f3n | UVigo","og_description":"Organization and governance of the Institute of Agroecology and Food (IAA), including its governing board, committees, and management structure.","og_url":"https:\/\/iaa.uvigo.gal\/en\/iaa\/organization\/","og_site_name":"Instituto de Agroecolox\u00eda e Alimentaci\u00f3n | UVigo","article_modified_time":"2026-03-31T07:26:45+00:00","og_image":[{"url":"http:\/\/webc10.webs5.uvigo.es\/wp-content\/plugins\/uvigo-teaching\/public\/images\/maria-belen-rubio-armesto.jpg","type":"","width":"","height":""}],"twitter_card":"summary_large_image","twitter_misc":{"Est. reading time":"7 minutes"},"schema":{"@context":"https:\/\/schema.org","@graph":[{"@type":"WebPage","@id":"https:\/\/iaa.uvigo.gal\/en\/iaa\/organization\/","url":"https:\/\/iaa.uvigo.gal\/en\/iaa\/organization\/","name":"Organization | Instituto de Agroecolox\u00eda e Alimentaci\u00f3n | UVigo","isPartOf":{"@id":"https:\/\/iaa.uvigo.gal\/en\/#website"},"primaryImageOfPage":{"@id":"https:\/\/iaa.uvigo.gal\/en\/iaa\/organization\/#primaryimage"},"image":{"@id":"https:\/\/iaa.uvigo.gal\/en\/iaa\/organization\/#primaryimage"},"thumbnailUrl":"http:\/\/webc10.webs5.uvigo.es\/wp-content\/plugins\/uvigo-teaching\/public\/images\/maria-belen-rubio-armesto.jpg","datePublished":"2026-02-06T15:51:12+00:00","dateModified":"2026-03-31T07:26:45+00:00","description":"Organization and governance of the Institute of Agroecology and Food (IAA), including its governing board, committees, and management structure.","breadcrumb":{"@id":"https:\/\/iaa.uvigo.gal\/en\/iaa\/organization\/#breadcrumb"},"inLanguage":"en-US","potentialAction":[{"@type":"ReadAction","target":["https:\/\/iaa.uvigo.gal\/en\/iaa\/organization\/"]}]},{"@type":"ImageObject","inLanguage":"en-US","@id":"https:\/\/iaa.uvigo.gal\/en\/iaa\/organization\/#primaryimage","url":"http:\/\/webc10.webs5.uvigo.es\/wp-content\/plugins\/uvigo-teaching\/public\/images\/maria-belen-rubio-armesto.jpg","contentUrl":"http:\/\/webc10.webs5.uvigo.es\/wp-content\/plugins\/uvigo-teaching\/public\/images\/maria-belen-rubio-armesto.jpg"},{"@type":"BreadcrumbList","@id":"https:\/\/iaa.uvigo.gal\/en\/iaa\/organization\/#breadcrumb","itemListElement":[{"@type":"ListItem","position":1,"name":"IAA","item":"https:\/\/iaa.uvigo.gal\/en\/o-instituto\/"},{"@type":"ListItem","position":2,"name":"Organization"}]},{"@type":"WebSite","@id":"https:\/\/iaa.uvigo.gal\/en\/#website","url":"https:\/\/iaa.uvigo.gal\/en\/","name":"Instituto de Agroecolox\u00eda e Alimentaci\u00f3n | UVigo","description":"","publisher":{"@id":"https:\/\/iaa.uvigo.gal\/en\/#organization"},"potentialAction":[{"@type":"SearchAction","target":{"@type":"EntryPoint","urlTemplate":"https:\/\/iaa.uvigo.gal\/en\/?s={search_term_string}"},"query-input":{"@type":"PropertyValueSpecification","valueRequired":true,"valueName":"search_term_string"}}],"inLanguage":"en-US"},{"@type":"Organization","@id":"https:\/\/iaa.uvigo.gal\/en\/#organization","name":"Instituto de Agroecolox\u00eda e Alimentaci\u00f3n - UVigo","url":"https:\/\/iaa.uvigo.gal\/en\/","logo":{"@type":"ImageObject","inLanguage":"en-US","@id":"https:\/\/iaa.uvigo.gal\/en\/#\/schema\/logo\/image\/","url":"https:\/\/iaa.uvigo.gal\/wp-content\/uploads\/2024\/07\/logo-iaa.png","contentUrl":"https:\/\/iaa.uvigo.gal\/wp-content\/uploads\/2024\/07\/logo-iaa.png","width":780,"height":330,"caption":"Instituto de Agroecolox\u00eda e Alimentaci\u00f3n - UVigo"},"image":{"@id":"https:\/\/iaa.uvigo.gal\/en\/#\/schema\/logo\/image\/"}}]}},"_links":{"self":[{"href":"https:\/\/iaa.uvigo.gal\/en\/wp-json\/wp\/v2\/pages\/174987","targetHints":{"allow":["GET"]}}],"collection":[{"href":"https:\/\/iaa.uvigo.gal\/en\/wp-json\/wp\/v2\/pages"}],"about":[{"href":"https:\/\/iaa.uvigo.gal\/en\/wp-json\/wp\/v2\/types\/page"}],"author":[{"embeddable":true,"href":"https:\/\/iaa.uvigo.gal\/en\/wp-json\/wp\/v2\/users\/12"}],"replies":[{"embeddable":true,"href":"https:\/\/iaa.uvigo.gal\/en\/wp-json\/wp\/v2\/comments?post=174987"}],"version-history":[{"count":10,"href":"https:\/\/iaa.uvigo.gal\/en\/wp-json\/wp\/v2\/pages\/174987\/revisions"}],"predecessor-version":[{"id":250195,"href":"https:\/\/iaa.uvigo.gal\/en\/wp-json\/wp\/v2\/pages\/174987\/revisions\/250195"}],"up":[{"embeddable":true,"href":"https:\/\/iaa.uvigo.gal\/en\/wp-json\/wp\/v2\/pages\/18562"}],"wp:attachment":[{"href":"https:\/\/iaa.uvigo.gal\/en\/wp-json\/wp\/v2\/media?parent=174987"}],"curies":[{"name":"wp","href":"https:\/\/api.w.org\/{rel}","templated":true}]}}